{"id":5320,"date":"2014-09-01T14:11:50","date_gmt":"2014-09-01T18:11:50","guid":{"rendered":"http:\/\/www.vancouverceilidh.org\/?page_id=5320"},"modified":"2014-09-01T14:11:50","modified_gmt":"2014-09-01T18:11:50","slug":"ceilidh-newsletter-201415-2-2","status":"publish","type":"page","link":"https:\/\/www.vancouverceilidh.org\/?page_id=5320","title":{"rendered":"Ceilidh Newsletter &#8211; 2014\/15 #2"},"content":{"rendered":"<p>&nbsp;<\/p>\n<p style=\"text-align: center;\"><a href=\"https:\/\/www.vancouverceilidh.org\/wp-content\/uploads\/2014\/09\/september.gif\"><img loading=\"lazy\" decoding=\"async\" class=\"aligncenter size-full wp-image-5327\" src=\"https:\/\/www.vancouverceilidh.org\/wp-content\/uploads\/2014\/09\/september.gif\" alt=\"september\" width=\"150\" height=\"60\" \/><\/a>\u00a0<a href=\"https:\/\/www.vancouverceilidh.org\/wp-content\/uploads\/2014\/08\/Summer-aftermath-of-hurricane-Bertha-at-Kingussie-.jpg\"><img loading=\"lazy\" decoding=\"async\" class=\"aligncenter size-full wp-image-5313\" src=\"https:\/\/www.vancouverceilidh.org\/wp-content\/uploads\/2014\/08\/Summer-aftermath-of-hurricane-Bertha-at-Kingussie-.jpg\" alt=\"Summer - aftermath of hurricane Bertha at Kingussie\" width=\"976\" height=\"549\" \/><\/a><\/p>\n<p style=\"text-align: center;\">Aftermath of Hurricane Bertha at Kingussie<\/p>\n<p>Well our little club came together and their hard work was rewarded with a great evening of dance, great music, good company and great food.\u00a0\u00a0 I think, though I may be a wee bit prejudiced, that I can say the 4th Annual Fall Frolic was a success.\u00a0\u00a0 The 50 &#8211; 60 folk who came were treated to some superb music by the Tartan Players.\u00a0\u00a0 The hall was not crowded &#8211; those who did not choose to come\u00a0should definitely plan to come along next year when the 5th Annual Fall Frolic will be held on Saturday, September 5.\u00a0\u00a0 A big thanks to Mary Ann, Kerry and all the club members as well as to those who kindly brought a plate of food.<\/p>\n<p style=\"text-align: center;\"><a href=\"https:\/\/www.vancouverceilidh.org\/wp-content\/uploads\/2014\/08\/Thank-you.jpg\"><img loading=\"lazy\" decoding=\"async\" class=\"aligncenter size-full wp-image-5304\" src=\"https:\/\/www.vancouverceilidh.org\/wp-content\/uploads\/2014\/08\/Thank-you.jpg\" alt=\"Thank you\" width=\"976\" height=\"549\" srcset=\"https:\/\/www.vancouverceilidh.org\/wp-content\/uploads\/2014\/08\/Thank-you.jpg 976w, https:\/\/www.vancouverceilidh.org\/wp-content\/uploads\/2014\/08\/Thank-you-300x168.jpg 300w\" sizes=\"auto, (max-width: 976px) 100vw, 976px\" \/><\/a><\/p>\n<p style=\"text-align: left;\">*********************************************************************************<\/p>\n<p style=\"text-align: left;\"><strong>The next regular Ceilidh Dance is not until Friday, September 26, 2014 <\/strong>&#8211; in the Scottish Cultural Centre, 8886 Hudson Street, Vancouver. Start to make plans to come along as we really need all of you. This is a fun and inexpensive way to have an enjoyable evening out with family and friends. Tell at least 2 friends to join you, forward this e-mail to more friends and encourage them to sign up for the newsletter and to come to the Ceilidh Dance. Think of the great exercise you get as well.\u00a0\u00a0 See below for more information.<\/p>\n<p>????????????????????????????????????????????????????????????????????????????<\/p>\n<p style=\"text-align: center;\"><a href=\"https:\/\/www.vancouverceilidh.org\/wp-content\/uploads\/2014\/08\/Summer-River-Tweed-near-St-Boswell.jpg\"><img loading=\"lazy\" decoding=\"async\" class=\"aligncenter size-full wp-image-5305\" src=\"https:\/\/www.vancouverceilidh.org\/wp-content\/uploads\/2014\/08\/Summer-River-Tweed-near-St-Boswell.jpg\" alt=\"Summer - River Tweed near St Boswell\" width=\"976\" height=\"549\" srcset=\"https:\/\/www.vancouverceilidh.org\/wp-content\/uploads\/2014\/08\/Summer-River-Tweed-near-St-Boswell.jpg 976w, https:\/\/www.vancouverceilidh.org\/wp-content\/uploads\/2014\/08\/Summer-River-Tweed-near-St-Boswell-300x168.jpg 300w\" sizes=\"auto, (max-width: 976px) 100vw, 976px\" \/><\/a><\/p>\n<p style=\"text-align: center;\">River Tweed near St. Boswell&#8217;s<\/p>\n<p><span style=\"background-color: #99cc00;\"><strong><i><i>\u00a0<\/i><\/i><\/strong><\/span><\/p>\n<p><strong>\u00a0<\/strong><\/p>\n<p style=\"text-align: center;\"><a href=\"https:\/\/www.vancouverceilidh.org\/wp-content\/uploads\/2014\/08\/AliblueJPEG.jpg\"><img loading=\"lazy\" decoding=\"async\" class=\"aligncenter size-full wp-image-5289\" src=\"https:\/\/www.vancouverceilidh.org\/wp-content\/uploads\/2014\/08\/AliblueJPEG.jpg\" alt=\"AliblueJPEG\" width=\"384\" height=\"254\" \/><\/a><\/p>\n<p>&nbsp;<\/p>\n<p style=\"text-align: left;\"><span style=\"background-color: #cc99ff;\">LOST:<\/span><\/p>\n<p style=\"text-align: left;\"><span style=\"background-color: #cc99ff;\">A tartan shoe bag at the Scottish Cultural Centre or ????\u00a0\u00a0 Was beside some nitro spray with Keith&#8217;s name on it.<\/span><\/p>\n<p style=\"text-align: center;\">++++++++++++++++++++++++++++++++++++++++++++++++++++++++++++++++++++++<\/p>\n<div style=\"text-align: center;\"><\/div>\n<div style=\"text-align: center;\"><\/div>\n<div style=\"text-align: center;\"><a href=\"https:\/\/www.vancouverceilidh.org\/wp-content\/uploads\/2014\/08\/Summer-Sandwood-Bay.jpg\"><img loading=\"lazy\" decoding=\"async\" class=\"aligncenter size-full wp-image-5306\" src=\"https:\/\/www.vancouverceilidh.org\/wp-content\/uploads\/2014\/08\/Summer-Sandwood-Bay.jpg\" alt=\"Summer - Sandwood Bay\" width=\"412\" height=\"549\" srcset=\"https:\/\/www.vancouverceilidh.org\/wp-content\/uploads\/2014\/08\/Summer-Sandwood-Bay.jpg 412w, https:\/\/www.vancouverceilidh.org\/wp-content\/uploads\/2014\/08\/Summer-Sandwood-Bay-225x300.jpg 225w\" sizes=\"auto, (max-width: 412px) 100vw, 412px\" \/><\/a><\/div>\n<div style=\"text-align: center;\"><span style=\"font-size: 12pt;\">Sandwood Bay<\/span><\/div>\n<p><em> !!!!!!!!!!!!!!!!!!!!!!!!!!!!!!!!!!!!!!!!!!!!!!!!!!!!!!!!!!!!!!!!!!!!!!!!!!!!!!!!!!!!!!!!!!!!!!!!!!!!!!!!\u00a0<\/em>\u00a0<b><\/b><\/p>\n<p><em>One day a florist went to a barber for a haircut. After the cut, he asked about his bill, and the barber replied, &#8216;I cannot accept money from you, I&#8217;m doing community service this week.&#8217; The florist was pleased and left the shop.<br \/>\nWhen the barber went to open his shop the next morning, there was a &#8216;thank you&#8217; card and a dozen roses waiting for him at his door.<br \/>\nLater, a cop comes in for a haircut, and when he tries to pay his bill , the barber again replied, &#8216;I cannot accept money from you, I&#8217;m doing community service this week.&#8217; The cop was happy and left the shop.<br \/>\nThe next morning when the barber went to open up, there was a &#8216;thank you &#8216; card and a dozen donuts waiting for him at his door.<br \/>\nThen a Member of Parliament came in for a haircut, and when he went to pay his bill , the barber again replied, &#8216;I cannot accept money from you. I&#8217;m doing community service this week.&#8217; The Member of Parliament was very happy and left the shop.<br \/>\nThe next morning, when the barber went to open up, there were a dozen Members of Parliament lined up waiting for a free haircut.<\/em><\/p>\n<p>&nbsp;<\/p>\n<p>~~~~~~~~~~~~~~~~~~~~~~~~~~~~~~~~~~~~~~~~~~~~~~~~~~~~~~~~~~~~<\/p>\n<p style=\"text-align: center;\"><a href=\"https:\/\/www.vancouverceilidh.org\/wp-content\/uploads\/2014\/08\/Summer-Lochranza.jpg\"><img loading=\"lazy\" decoding=\"async\" class=\"aligncenter size-full wp-image-5307\" src=\"https:\/\/www.vancouverceilidh.org\/wp-content\/uploads\/2014\/08\/Summer-Lochranza.jpg\" alt=\"Summer - Lochranza\" width=\"976\" height=\"549\" srcset=\"https:\/\/www.vancouverceilidh.org\/wp-content\/uploads\/2014\/08\/Summer-Lochranza.jpg 976w, https:\/\/www.vancouverceilidh.org\/wp-content\/uploads\/2014\/08\/Summer-Lochranza-300x168.jpg 300w\" sizes=\"auto, (max-width: 976px) 100vw, 976px\" \/><\/a><\/p>\n<hr size=\"5\" width=\"90%\" \/>\n<p style=\"text-align: center;\">Lochranza<\/p>\n<p>===========================================================<\/p>\n<p><span style=\"background-color: #ffcc00;\">The AGM of the Vancouver Branch RSCDS is to be held on Friday, September 19 in the Scottish Cultural Centre, 8886 Hudson Street, Vancouver at 8:00 p.m. &#8211; All members are urged to attend.\u00a0\u00a0 For Minutes, Reports, Financial Statements etc. see <a href=\"https:\/\/www.recdsvancouver.org\">www.rscdsvancouver.org <\/a><\/span><\/p>\n<p><strong>\u00a0<\/strong><\/p>\n<p style=\"text-align: center;\"><em><a href=\"https:\/\/www.vancouverceilidh.org\/wp-content\/uploads\/2014\/08\/Summer-Dawn-over-Fivepenny-Lewis.jpg\"><img loading=\"lazy\" decoding=\"async\" class=\"aligncenter size-full wp-image-5309\" src=\"https:\/\/www.vancouverceilidh.org\/wp-content\/uploads\/2014\/08\/Summer-Dawn-over-Fivepenny-Lewis.jpg\" alt=\"Summer - Dawn over Fivepenny, Lewis\" width=\"976\" height=\"549\" srcset=\"https:\/\/www.vancouverceilidh.org\/wp-content\/uploads\/2014\/08\/Summer-Dawn-over-Fivepenny-Lewis.jpg 976w, https:\/\/www.vancouverceilidh.org\/wp-content\/uploads\/2014\/08\/Summer-Dawn-over-Fivepenny-Lewis-300x168.jpg 300w\" sizes=\"auto, (max-width: 976px) 100vw, 976px\" \/><\/a><\/em><\/p>\n<p style=\"text-align: center;\"><span class=\"hiddenSpellError\">Dawn at Fivepenny, Lewis<\/span><\/p>\n<p><span class=\"hiddenSpellError\"><span class=\"hiddenSpellError\"><span class=\"hiddenSpellError\"><span class=\"hiddenSpellError\"><span class=\"hiddenSpellError\"><span class=\"hiddenSpellError\">XXXXXXXXXXXXXXXXXXXXXXXXXXXXXXXXXXXXXXXXXXXXXXXXXXXXXXX<\/span><\/span><\/span><\/span><\/span><\/span><\/p>\n<p><em>My inconclusive travel plans 2014<\/em><\/p>\n<p><em>I have been in many places, but I&#8217;ve never been in Cahoots.\u00a0\u00a0 <\/em><em>Apparently, you can&#8217;t go alone. You have to be in Cahoots with someone.<br \/>\n<\/em><em>I&#8217;ve also never been in Cognito. I hear no one recognizes you there. I have, however , been in Sane. They don&#8217;t have an airport; you have to be driven there.<\/em><em>I have made several trips there, thanks to my friends, family and work.<br \/>\n<\/em><em>I would like to go to Conclusions, but you have to jump, and I&#8217;m not too much on physical activity anymore.<br \/>\nI have also been in Doubt. That is a sad place to go, and I try not to visit there too often. I&#8217;ve been in Flexible, but only when it was very important to stand firm.<br \/>\nSometimes I&#8217;m in Capable, and I go there more often as I&#8217;m getting older.<br \/>\nOne of my favorite places to be is in Suspense! It really gets the adrenalin flowing and pumps up the old heart!<\/em><em> At my age I need all the stimuli I can get!<br \/>\n<\/em><em>I may have been in Continent, and I don&#8217;t remember what country I was in. It&#8217;s an age thing.<\/em><\/p>\n<p>&amp;&amp;&amp;&amp;&amp;&amp;&amp;&amp;&amp;&amp;&amp;&amp;&amp;&amp;&amp;&amp;&amp;&amp;&amp;&amp;&amp;&amp;&amp;&amp;&amp;&amp;&amp;&amp;&amp;&amp;&amp;&amp;&amp;&amp;&amp;&amp;&amp;&amp;&amp;&amp;&amp;&amp;&amp;&amp;&amp;&amp;&amp;&amp;&amp;&amp;&amp;&amp;&amp;&amp;&amp;<\/p>\n<p style=\"text-align: center;\"><a href=\"https:\/\/www.vancouverceilidh.org\/wp-content\/uploads\/2014\/08\/ALIDANC.gif\"><img loading=\"lazy\" decoding=\"async\" class=\"aligncenter size-full wp-image-5290\" src=\"https:\/\/www.vancouverceilidh.org\/wp-content\/uploads\/2014\/08\/ALIDANC.gif\" alt=\"ALIDANC\" width=\"90\" height=\"115\" \/><\/a><\/p>\n<p><span style=\"background-color: #00ccff;\">\u00a0<\/span><\/p>\n<p><span class=\"hiddenSpellError\"><span class=\"hiddenSpellError\"><span class=\"hiddenSpellError\"><span class=\"hiddenSpellError\"><span class=\"hiddenSpellError\"><span class=\"hiddenSpellError\">xxxxxxxxxxxxxxxxxxxxxxxxxxxxxxxxxxxxxxxxxxxxxxxxxxxxxxxxxxxxxxxxxxxxxxxxxxxxx<\/span><\/span><\/span><\/span><\/span><\/span><\/p>\n<p style=\"text-align: center;\"><span style=\"font-size: 14pt;\"><a href=\"https:\/\/www.vancouverceilidh.org\/wp-content\/uploads\/2014\/08\/Aligreen.jpeg\"><img loading=\"lazy\" decoding=\"async\" class=\"aligncenter size-full wp-image-5291\" src=\"https:\/\/www.vancouverceilidh.org\/wp-content\/uploads\/2014\/08\/Aligreen.jpeg\" alt=\"Aligreen\" width=\"384\" height=\"254\" \/><\/a>\u00a0<\/span><\/p>\n<p>\u00a7\u00a7\u00a7\u00a7\u00a7\u00a7 \u00a7\u00a7\u00a7\u00a7\u00a7\u00a7 \u00a7\u00a7\u00a7\u00a7\u00a7\u00a7 \u00a7\u00a7\u00a7\u00a7\u00a7\u00a7 \u00a7\u00a7\u00a7\u00a7\u00a7\u00a7\u00a7\u00a7\u00a7\u00a7\u00a7\u00a7 \u00a7\u00a7\u00a7\u00a7\u00a7\u00a7 \u00a7\u00a7\u00a7\u00a7\u00a7\u00a7 \u00a7\u00a7\u00a7\u00a7\u00a7\u00a7 \u00a7\u00a7\u00a7\u00a7\u00a7\u00a7 \u00a7\u00a7\u00a7\u00a7\u00a7\u00a7 \u00a7\u00a7<\/p>\n<p style=\"text-align: center;\"><a href=\"https:\/\/www.vancouverceilidh.org\/wp-content\/uploads\/2014\/08\/Summer-Lochindorb.jpg\"><img loading=\"lazy\" decoding=\"async\" class=\"aligncenter  wp-image-5308\" src=\"https:\/\/www.vancouverceilidh.org\/wp-content\/uploads\/2014\/08\/Summer-Lochindorb.jpg\" alt=\"Summer - Lochindorb\" width=\"640\" height=\"424\" \/><\/a><\/p>\n<hr noshade=\"noshade\" size=\"5\" width=\"200\" \/>\n<p style=\"text-align: center;\">Lochindorb<\/p>\n<p>&nbsp;<\/p>\n<p><span style=\"background-color: #cc99ff;\">The Scottish Cultural Centre<\/span> is a pretty unique and wonderful asset and space is available for rent to anyone or any group. The Centre does not run itself but is actually run by the United Scottish Cultural Society (<span class=\"hiddenSpellError\"><span class=\"hiddenSpellError\"><span class=\"hiddenSpellError\"><span class=\"hiddenSpellError\"><span class=\"hiddenSpellError\"><span class=\"hiddenSpellError\">USCS<\/span><\/span><\/span><\/span><\/span><\/span>). Memberships in this Society are for individuals only and presently cost $10 annually. Membership Application Forms may be obtained either at the Centre or on the <span class=\"hiddenSpellError\"><span class=\"hiddenSpellError\"><span class=\"hiddenSpellError\"><span class=\"hiddenSpellError\"><span class=\"hiddenSpellError\"><span class=\"hiddenSpellError\">USCS<\/span><\/span><\/span><\/span><\/span><\/span> website &#8211; <a href=\"https:\/\/www.scottishculturalcentre.com\">www.scottishculturalcentre.com<\/a> .<\/p>\n<p>Any person may join <span class=\"hiddenSpellError\"><span class=\"hiddenSpellError\"><span class=\"hiddenSpellError\"><span class=\"hiddenSpellError\"><span class=\"hiddenSpellError\"><span class=\"hiddenSpellError\">USCS<\/span><\/span><\/span><\/span><\/span><\/span> and Scottish Ceilidh Dancers are encouraged to show their support by doing so. If any <span class=\"hiddenSpellError\"><span class=\"hiddenSpellError\"><span class=\"hiddenSpellError\"><span class=\"hiddenSpellError\"><span class=\"hiddenSpellError\"><span class=\"hiddenSpellError\">USCS<\/span><\/span><\/span><\/span><\/span><\/span> member would like to be more involved, then, Darryl <span class=\"hiddenSpellError\"><span class=\"hiddenSpellError\"><span class=\"hiddenSpellError\"><span class=\"hiddenSpellError\"><span class=\"hiddenSpellError\"><span class=\"hiddenSpellError\">Carracher<\/span><\/span><\/span><\/span><\/span><\/span>, the Manager at the Centre, will be pleased to give you further information. We have just finished replacing the roof which was a major expense.\u00a0 We also plan to paint and spruce up the main hall but that will not take place until September at the earliest.<\/p>\n<p>Upgrades to the Centre are also being considered so it is particularly appropriate that dancers join <span class=\"hiddenSpellError\"><span class=\"hiddenSpellError\"><span class=\"hiddenSpellError\"><span class=\"hiddenSpellError\"><span class=\"hiddenSpellError\"><span class=\"hiddenSpellError\">USCS<\/span><\/span><\/span><\/span><\/span><\/span>. No final decisions on these upgrades will be made before Members of <span class=\"hiddenSpellError\"><span class=\"hiddenSpellError\"><span class=\"hiddenSpellError\"><span class=\"hiddenSpellError\"><span class=\"hiddenSpellError\"><span class=\"hiddenSpellError\">USCS<\/span><\/span><\/span><\/span><\/span><\/span> are fully informed.<\/p>\n<p><span class=\"hiddenSpellError\"><span class=\"hiddenSpellError\"><span class=\"hiddenSpellError\"><span class=\"hiddenSpellError\"><span class=\"hiddenSpellError\"><span class=\"hiddenSpellError\">EEEEEEEEEEEEEEEEEEEEEEEEEEEEEEEEEEEEEEEEEEEEEEEEEEEEEEEEEEE<\/span><\/span><\/span><\/span><\/span><\/span><\/p>\n<p style=\"text-align: left;\">It has been a QUIET week with no grandchildren asking this or that, needing to be walked down to lessons etc.\u00a0\u00a0 I did dismantle, clean and put away the trampoline and I have emptied the hot tub but still have to clean it.\u00a0\u00a0 We have put toys away, got rid of a few things they have all grown out of and loads of laundry has been done so that all the beds are ready again.\u00a0\u00a0 Ken &amp; Kirsten are coming down from Terrace to stay for a few days again.<\/p>\n<p style=\"text-align: left;\">There was getting organised for the walk through on Wednesday night and the dance on Saturday, a trip to the office and the Cultural Centre and this week I start volunteering again as a driver for the Cancer Agency.\u00a0\u00a0 We also have canvassing to do in our neighbourhood and maybe will get started to that today and then there is the garden!!!<\/p>\n<p style=\"text-align: left;\"><em><span class=\"hiddenSpellError\"><span class=\"hiddenSpellError\"><span class=\"hiddenSpellError\"><span class=\"hiddenSpellError\"><span class=\"hiddenSpellError\"><span class=\"hiddenSpellError\">llllllllllllllllllllllllllllllllllllllllllllllllllllllllllllllllllllllllllllllllllllllllllllllllllllllllllllllllllllllllllllllllllllllllllllllllllll<\/span><\/span><\/span><\/span><\/span><\/span>\u00a0<\/em> <em><!--?xml:namespace prefix = \"o\" ns = \"urn:schemas-microsoft-com:office:office\" \/--><\/em><\/p>\n<p style=\"text-align: center;\"><strong>\u00a0\u00a0\u00a0\u00a0\u00a0\u00a0\u00a0\u00a0\u00a0\u00a0\u00a0\u00a0\u00a0\u00a0\u00a0\u00a0\u00a0\u00a0<a href=\"https:\/\/www.vancouverceilidh.org\/wp-content\/uploads\/2014\/08\/dancers.gif\"><img loading=\"lazy\" decoding=\"async\" class=\"aligncenter size-full wp-image-5295\" src=\"https:\/\/www.vancouverceilidh.org\/wp-content\/uploads\/2014\/08\/dancers.gif\" alt=\"dancers\" width=\"104\" height=\"122\" \/><\/a><\/strong><\/p>\n<p>&nbsp;<\/p>\n<p>+++++++++++++++++++++++++++++++++++++++++++++++++++<\/p>\n<p style=\"text-align: left;\"><strong>The next Ceilidh Dance is not until Friday, September 26th, 2014.\u00a0\u00a0 I have tried an experiment and registered with Meetup and 13 people have &#8220;joined&#8221; and most say they will come.\u00a0 I will have to post some further notice nearer the time and maybe gather a few more interested folk.<\/strong><\/p>\n<p style=\"text-align: center;\"><a href=\"https:\/\/www.vancouverceilidh.org\/wp-content\/uploads\/2014\/06\/Canada-Day-maple-leaf-line.gif\"><img loading=\"lazy\" decoding=\"async\" class=\"aligncenter size-full wp-image-5104\" src=\"https:\/\/www.vancouverceilidh.org\/wp-content\/uploads\/2014\/06\/Canada-Day-maple-leaf-line.gif\" alt=\"Canada Day maple leaf line\" width=\"575\" height=\"25\" \/><\/a><\/p>\n<p><strong>\u00a0<\/strong><\/p>\n<p style=\"text-align: center;\"><a href=\"https:\/\/www.vancouverceilidh.org\/wp-content\/uploads\/2014\/08\/Summer-posing-on-the-Isle-of-Harris.jpg\"><img loading=\"lazy\" decoding=\"async\" class=\"aligncenter size-full wp-image-5310\" src=\"https:\/\/www.vancouverceilidh.org\/wp-content\/uploads\/2014\/08\/Summer-posing-on-the-Isle-of-Harris.jpg\" alt=\"Summer - posing on the Isle of Harris\" width=\"976\" height=\"549\" srcset=\"https:\/\/www.vancouverceilidh.org\/wp-content\/uploads\/2014\/08\/Summer-posing-on-the-Isle-of-Harris.jpg 976w, https:\/\/www.vancouverceilidh.org\/wp-content\/uploads\/2014\/08\/Summer-posing-on-the-Isle-of-Harris-300x168.jpg 300w\" sizes=\"auto, (max-width: 976px) 100vw, 976px\" \/><\/a><\/p>\n<p style=\"text-align: center;\">Summer vacation family snap?<\/p>\n<p>Michelle has very kindly made up a Facebook event page for the Ceilidh but you need to &#8220;Search for Vancouver Ceilidh on Facebook and &#8220;Like&#8221; us to receive updates on upcoming Ceilidhs and other events&#8221;. Then, if you &#8220;Like&#8221; the Vancouver Ceilidh FB page (do as described above), you too will receive updates AND be able to share those updates and events on your personal Facebook page to your friends and ask that they &#8220;Like&#8221; and &#8220;Share&#8221;, etc.<\/p>\n<p>Ceilidh Dances are great ways to celebrate birthdays, anniversaries etc. Invite all your friends to come and join you at the Ceilidh. You are welcome to bring your own cake and we&#8217;ll even sing for you!!<\/p>\n<p><span class=\"hiddenSpellError\"><span class=\"hiddenSpellError\"><span class=\"hiddenSpellError\"><span class=\"hiddenSpellError\"><span class=\"hiddenSpellError\"><span class=\"hiddenSpellError\">kkkkkkkkkkkkkkkkkkkkkkkkkkkkkkkkkkkkkkkkkkkkkkkkkkkkkkkkkkkkkkkkkkkkkkkkkk<\/span><\/span><\/span><\/span><\/span><\/span><\/p>\n<p><em>You can join the e-mail list of the SFU Scottish and Celtic Society; the club connecting you to all things Scottish and Celtic at SFU and the community. As members of this mailing list, you will receive updates on events and learning opportunities. All are welcome to participate and enjoy.<\/em> <em>Facebook Group:<\/em> <em> As of today, our new Facebook Group is launched and available to join. It is an &#8216;Open&#8217; group. Anyone can join and invite their friends. We will create Facebook &#8216;Events&#8217; for all our occasions. Join today at this link: <a href=\"https:\/\/www.facebook.com\/groups\/451447541666799\/\">https:\/\/www.facebook.com\/groups\/451447541666799\/<\/a><\/em><\/p>\n<p>{{{{{{{{{{{{{{{{{{{{{{{{{{{{{{{{{{{{{{{{{{{{{{{{{{{{{{{{{{{{{{{{{{{{{{{{{{{{{{{{{{{{{{{{<\/p>\n<p>There were some very good pictures taken at the January 4, 2013 Ceilidh Dance which have been posted on the RSCDS Vancouver Branch Facebook page. If you do not want your picture on that page please contact <a>web@rscdsvancouver.org<\/a>. The link for the pictures is: <a href=\"https:\/\/www.facebook.com\/media\/set\/?set=a.316825198419573.56421.149674745134620&amp;type=3\">www.facebook.com\/media\/set\/?set=a.316825198419573.56421.149674745134620&amp;type=3<\/a><\/p>\n<p><span class=\"hiddenSpellError\"><span class=\"hiddenSpellError\"><span class=\"hiddenSpellError\"><span class=\"hiddenSpellError\"><span class=\"hiddenSpellError\"><span class=\"hiddenSpellError\">rrrrrrrrrrrrrrrrrrrrrrrrrrrrrrrrrrrrrrrrrrrrrrrrrrrrrrrrrrrrrrrrrrrrrrrrrrrrrrrrrrrrrrrrrrrrrr<\/span><\/span><\/span><\/span><\/span><\/span><\/p>\n<p>Thanks for the tips on how to get pictures etc. from my e-mails to the newsletter. I have downloaded Irfan View which seems to work very well<\/p>\n<p><span class=\"hiddenSpellError\"><span class=\"hiddenSpellError\"><span class=\"hiddenSpellError\"><span class=\"hiddenSpellError\"><span class=\"hiddenSpellError\"><span class=\"hiddenSpellError\">hhhhhhhhhhhhhhhhhhhhhhhhhhhhhhhhhhhhhhhhhhhhhhhhhhhhhhhhhhhhhhhhhh<\/span><\/span><\/span><\/span><\/span><\/span><\/p>\n<p style=\"text-align: center;\"><a href=\"https:\/\/www.vancouverceilidh.org\/wp-content\/uploads\/2014\/08\/Summer-Heron-fising-on-the-Kelvin.jpg\"><img loading=\"lazy\" decoding=\"async\" class=\"aligncenter size-full wp-image-5311\" src=\"https:\/\/www.vancouverceilidh.org\/wp-content\/uploads\/2014\/08\/Summer-Heron-fising-on-the-Kelvin.jpg\" alt=\"Summer - Heron fising on the Kelvin\" width=\"976\" height=\"549\" srcset=\"https:\/\/www.vancouverceilidh.org\/wp-content\/uploads\/2014\/08\/Summer-Heron-fising-on-the-Kelvin.jpg 976w, https:\/\/www.vancouverceilidh.org\/wp-content\/uploads\/2014\/08\/Summer-Heron-fising-on-the-Kelvin-300x168.jpg 300w\" sizes=\"auto, (max-width: 976px) 100vw, 976px\" \/><\/a><\/p>\n<p style=\"text-align: center;\">Fishing on the Kelvin<\/p>\n<p>Some fun and interesting sites: &#8211; note if you have a link to something you think others would enjoy please forward them to me.<\/p>\n<p>&nbsp;<\/p>\n<p>Take this trip around the world with a smile on your face. Enjoy!\u00a0\u00a0\u00a0 There ARE happy people out there. Not everyone is fighting and killing.<\/p>\n<p>&nbsp;<\/p>\n<p><b><span style=\"color: blue; font-family: 'Helvetica','sans-serif';\"><a href=\"https:\/\/www.youtube.com\/embed\/Pwe-pA6TaZk?rel=0\">https:\/\/www.youtube.com\/embed\/Pwe-pA6TaZk?rel=0<\/a><\/span><\/b><\/p>\n<p>WATCH THE ELEVATION LEVEL AS YOU CLIMB. (LEFT SIDE OF YOUR SCREEN)<br \/>\nAt the top you can view the 360 degree view from the summit (move the mouse around).<\/p>\n<p><a href=\"https:\/\/everestavalanchetragedy.com\/mt-everest-journey.html\">Mt Everest Journey : Everest Avalanche Tragedy : Discovery Channel<\/a><\/p>\n<p><strong><em><span class=\"hiddenSpellError\"><span class=\"hiddenSpellError\"><span class=\"hiddenSpellError\"><span class=\"hiddenSpellError\"><span class=\"hiddenSpellError\"><span class=\"hiddenSpellError\">zzzzzzzzzzzzzzzzzzzzzzzzzzzzzzzzzzzzzzzzzzzzzzzzzzzzzzzzzzzzzzzzzzz<\/span><\/span><\/span><\/span><\/span><\/span><\/em><\/strong><\/p>\n<p style=\"text-align: center;\"><b><\/b><b>\u00a0<a href=\"https:\/\/www.vancouverceilidh.org\/wp-content\/uploads\/2014\/08\/AliorandeJPEG-1.jpg\"><img loading=\"lazy\" decoding=\"async\" class=\"aligncenter size-full wp-image-5292\" src=\"https:\/\/www.vancouverceilidh.org\/wp-content\/uploads\/2014\/08\/AliorandeJPEG-1.jpg\" alt=\"AliorandeJPEG (1)\" width=\"384\" height=\"254\" srcset=\"https:\/\/www.vancouverceilidh.org\/wp-content\/uploads\/2014\/08\/AliorandeJPEG-1.jpg 384w, https:\/\/www.vancouverceilidh.org\/wp-content\/uploads\/2014\/08\/AliorandeJPEG-1-300x198.jpg 300w\" sizes=\"auto, (max-width: 384px) 100vw, 384px\" \/><\/a><\/b><\/p>\n<p align=\"center\"><span class=\"hiddenSpellError\"><span class=\"hiddenSpellError\"><span class=\"hiddenSpellError\"><span class=\"hiddenSpellError\"><span class=\"hiddenSpellError\"><span class=\"hiddenSpellError\">xxxxxxxxxxxxxxxxxxxxxxxxxxxxxxxxxxxxxxxxxxxxxxxxxxxxxxxxxxxxxxxxxxx<\/span><\/span><\/span><\/span><\/span><\/span><\/p>\n<p align=\"center\">&#8220;&#8220;&#8220;&#8220;&#8220;&#8220;&#8220;&#8220;&#8220;&#8220;&#8220;&#8220;&#8220;&#8220;&#8220;&#8220;&#8220;&#8220;&#8220;&#8220;&#8220;&#8220;&#8220;&#8220;&#8220;&#8220;&#8220;&#8220;&#8220;&#8220;&#8220;&#8220;&#8220;&#8220;&#8220;&#8220;&#8220;&#8220;&#8220;<\/p>\n<p><em>\u00a0<a href=\"https:\/\/www.vancouverceilidh.org\/wp-content\/uploads\/2014\/09\/Joke-1.jpg\"><img loading=\"lazy\" decoding=\"async\" class=\"aligncenter  wp-image-5330\" src=\"https:\/\/www.vancouverceilidh.org\/wp-content\/uploads\/2014\/09\/Joke-1.jpg\" alt=\"Joke 1\" width=\"328\" height=\"321\" \/><\/a><\/em><\/p>\n<p>&#8220;&#8220;&#8220;&#8220;&#8220;&#8220;&#8220;&#8220;&#8220;&#8220;&#8220;&#8220;&#8220;&#8220;&#8220;&#8220;&#8220;&#8220;&#8220;&#8220;&#8220;&#8220;&#8220;&#8220;&#8220;&#8220;&#8220;&#8220;&#8220;&#8220;&#8220;&#8220;&#8220;&#8220;&#8220;&#8220;&#8220;&#8220;`<\/p>\n<p style=\"text-align: center;\"><a href=\"https:\/\/www.vancouverceilidh.org\/wp-content\/uploads\/2014\/08\/Summer-super-moon-over-Edinburgh-Castle.jpg\"><img loading=\"lazy\" decoding=\"async\" class=\"aligncenter  wp-image-5312\" src=\"https:\/\/www.vancouverceilidh.org\/wp-content\/uploads\/2014\/08\/Summer-super-moon-over-Edinburgh-Castle.jpg\" alt=\"Summer - super moon over Edinburgh Castle\" width=\"640\" height=\"469\" \/><\/a><\/p>\n<p style=\"text-align: center;\"><span class=\"hiddenSpellError\">Super Moon over Edinburgh<\/span><\/p>\n<p><span style=\"background-color: #00ff00;\">The next Ceilidh Dance will be held on Friday, September 26, 2014. Same time, same place, same price (so long as there is a big attendance), same amount of fun and entertainment. Now it is up to you all to help by planning on coming along and bringing loads of friends, family, acquaintances, etc. We need to improve the attendance to make the dances financially viable. Please do your best to spread the word. Let me know if you would like a poster to put up.<\/span><\/p>\n<hr noshade=\"noshade\" size=\"5\" width=\"350\" \/>\n<p>~~~~~~~~~~~~~~~~~~~~~~~~~~~~~~~~~~~~~~~~~~~~~~~~~~<\/p>\n<p style=\"text-align: justify;\"><em><em><em><em><a href=\"https:\/\/www.vancouverceilidh.org\/wp-content\/uploads\/2014\/09\/Clipboard01.jpg\"><img loading=\"lazy\" decoding=\"async\" class=\"aligncenter  wp-image-5329\" src=\"https:\/\/www.vancouverceilidh.org\/wp-content\/uploads\/2014\/09\/Clipboard01.jpg\" alt=\"Clipboard01\" width=\"285\" height=\"190\" \/><\/a><\/em><\/em><\/em><\/em><\/p>\n<p><em>\u00a0<\/em>&amp;&amp;&amp;&amp;&amp;&amp;&amp;&amp;&amp;&amp;&amp;&amp;&amp;&amp;&amp;&amp;&amp;&amp;&amp;&amp;&amp;&amp;&amp;&amp;&amp;&amp;&amp;&amp;&amp;&amp;&amp;&amp;&amp;&amp;&amp;&amp;&amp;&amp;&amp;&amp;&amp;&amp;&amp;&amp;&amp;&amp;&amp;&amp;&amp;&amp;&amp;&amp;&amp;&amp;&amp;&amp;<\/p>\n<p>A new website for kilts and accessories. Prices seem excellent, no idea of quality or trustworthiness though: <a href=\"www.aglowmusichouse.com\"> www.aglowmusichouse.com<\/a><\/p>\n<p><span class=\"hiddenSpellError\"><span class=\"hiddenSpellError\"><span class=\"hiddenSpellError\"><span class=\"hiddenSpellError\"><span class=\"hiddenSpellError\"><span class=\"hiddenSpellError\">ooooooooooooooooooooooooooooooooooooooooooooooooooooooooooooooooooooo<\/span><\/span><\/span><\/span><\/span><\/span><\/p>\n<p><strong>Subscriptions stayed the same so this newsletter will\u00a0go out to 393 people in many cities, provinces &amp; countries. I did not\u00a0make my goal of 400 and I will shortly\u00a0do a purge of those who have not opened the last few editions of the newsletter.\u00a0\u00a0This normally means quite a few deletions so I\u00a0will need your help to get the subscriptions back up again.\u00a0\u00a0 Thanks for all your support.<\/strong><\/p>\n<p>Please pass along the website to your friends and ask them to subscribe &#8211; it is free!! <a href=\"https:\/\/www.vancouverceilidh.org\/\">www.vancouverceilidh.org<\/a>\u00a0\u00a0 At time of writing this last week&#8217;s initial notice was\u00a0opened by\u00a0227 subscribers or 57.8% of the total list.\u00a0 \u00a0I know some of you prefer to go to the website and open the newsletter from there so the number is probably much higher. Please keep opening the newsletter!!<\/p>\n<p>Any and all comments and suggestions are welcome.<\/p>\n<p>\\\\\\\\\\\\\\\\\\\\\\\\\\\\\\\\\\\\\\\\\\\\\\\\\\\\\\\\\\\\\\\\\\\\\\\\\\\\\\\\\\\\\\\\\\\\\\\\\\\\\\\\\\\\\\\\\\\\\\\\\\\\\\\\\\\\\\\\\\\\\\\\\\\\\\\\\\\\\\\\\\\\\\<\/p>\n<p>An online contact for dance and marching shoes (<span class=\"hiddenSpellError\"><span class=\"hiddenSpellError\"><span class=\"hiddenSpellError\"><span class=\"hiddenSpellError\"><span class=\"hiddenSpellError\"><span class=\"hiddenSpellError\">ghillies<\/span><\/span><\/span><\/span><\/span><\/span>, pumps, brogues, etc.) is Bruce Griffith at <a href=\"https:\/\/www.avriel.com\">www.avriel.com<\/a><\/p>\n<p>I also gather that <span class=\"hiddenSpellError\"><span class=\"hiddenSpellError\">TartanTown<\/span><\/span> in Coquitlam stocks dance shoes by Seniors of St. Andrews.<\/p>\n<p><span class=\"hiddenSpellError\"><span class=\"hiddenSpellError\"><span class=\"hiddenSpellError\"><span class=\"hiddenSpellError\"><span class=\"hiddenSpellError\"><span class=\"hiddenSpellError\">lllllllllllllllllllllllllllllllllllllllllllllllllllllllllllllllllllllllllllllllllllllllllllllllllllllllllllllllllllllllllllll<\/span><\/span><\/span><\/span><\/span><\/span>]]]]]]]]<\/p>\n<p style=\"text-align: left;\"><span style=\"background-color: #ffcc99;\">Events happening in the immediate future include\u00a0all classes\u00a0starting up\u00a0many in the week beginning September 8.\u00a0\u00a0 See www.rscdsvancouver for details of locations, start times etc.<\/span><br \/>\nPlease see &#8220;Coming Events&#8221; below for all information.<a href=\"https:\/\/www.vancouverceilidh.org\/wp-content\/uploads\/2014\/06\/Dance-blue.gif\">\u00a0<\/a><\/p>\n<p style=\"text-align: center;\"><a href=\"https:\/\/www.vancouverceilidh.org\/wp-content\/uploads\/2014\/06\/Mount-Stewart-Isle-of-Bute.jpg\">\u00a0<\/a><\/p>\n<p style=\"text-align: center;\"><a href=\"https:\/\/www.vancouverceilidh.org\/wp-content\/uploads\/2014\/08\/Summer-Fionnphort-at-low-tide1.jpg\"><img loading=\"lazy\" decoding=\"async\" class=\"aligncenter  wp-image-5314\" src=\"https:\/\/www.vancouverceilidh.org\/wp-content\/uploads\/2014\/08\/Summer-Fionnphort-at-low-tide1.jpg\" alt=\"Summer - Fionnphort at low tide\" width=\"640\" height=\"410\" \/><\/a><\/p>\n<p style=\"text-align: center;\"><span class=\"hiddenSpellError\">Fionnphort at low tide<\/span><\/p>\n<p>||||||||||||||||||||||||||||||||||||||||||||||||||||||||||||||||||||||||||||||||||||||||||||||||||||||&#8230;.<\/p>\n<p>If anyone has any suggestions or complaints regarding the newsletter, please let me know &#8211; <a href=\"mailto:ceilidh@rscdsvancouver.org\">ceilidh@rscdsvancouver.org<\/a> Please do not complain to your server that this is junk mail. There is a link on the e-mail should you wish to unsubscribe.<\/p>\n<p>COMING EVENTS IN THE NEXT FEW WEEKS: Note: Please check list of classes for all start times and locations.<\/p>\n<table>\n<tbody>\n<tr>\n<td width=\"91\"><em>2014<\/em><\/td>\n<td width=\"714\"><em>\u00a0<\/em><\/td>\n<\/tr>\n<tr>\n<td width=\"91\"><em>Sep\u00a0 8<\/em><\/td>\n<td width=\"714\"><em>Burnaby Class starts at Scandinavian Community Centre, 6540 Thomas Street, Burnaby at 7:30 p.m.<\/em><\/td>\n<\/tr>\n<tr>\n<td width=\"91\"><em>Sep 8\/9\/10<\/em><\/td>\n<td width=\"714\"><em>Gleneagles classes start in Hollyburn School, 1329 Duchess, West Vancouver at 7:30 p.m..\u00a0\u00a0 Beginner\/Intermediate on Mondays;\u00a0 General on Tuesdays and Challenge on Wednesdays<\/em><\/td>\n<\/tr>\n<tr>\n<td width=\"91\"><em>Sep\u00a0 9<\/em><\/td>\n<td width=\"714\"><em>West End Scottish Country Dance Club classes commence with a Free introductory lesson.\u00a0\u00a0 Class starts at 7:30 p.m. in the West End Community Centre, 870 Denman Street, Vancouver.\u00a0\u00a0 For information phone 604-536-9481 or e-mail <\/em><a href=\"mailto:duncanmackenzie@telus.net\"><em>duncanmackenzie@telus.net<\/em><\/a><em>\u00a0 <\/em><\/td>\n<\/tr>\n<tr>\n<td width=\"91\"><em>Sep\u00a0 9<\/em><\/td>\n<td width=\"714\"><em>Kerrisdale Seniors class starts in Kerrisdale Community Centre, 5851 West Boulevard, Vancouver at 1:30 p.m.<\/em><\/td>\n<\/tr>\n<tr>\n<td width=\"91\"><em>Sep\u00a0 9<\/em><\/td>\n<td width=\"714\"><em>Glenayre classes begin at Burquest Jewish Community Centre, 2860 Dewdney Trunk, Coquitlam at 7:30 p.m.<\/em><\/td>\n<\/tr>\n<tr>\n<td width=\"91\"><em>Sep\u00a0 9<\/em><\/td>\n<td width=\"714\"><em>Richmond Reelers classes start in Minoru Cultural Centre, 180 \u2013 7700 Minoru Gate, Richmond at 7:00 p.m.<\/em><\/td>\n<\/tr>\n<tr>\n<td width=\"91\"><em>Sep 10<\/em><\/td>\n<td width=\"714\"><em>White Rock Scottish Country Dance Club classes recommence \u2013 see <\/em><a href=\"https:\/\/www.wrscdc.com\/\"><em>www.wrscdc.com<\/em><\/a><em> \u2013 everyone welcome.<\/em><\/td>\n<\/tr>\n<tr>\n<td width=\"91\"><em>Sep 10<\/em><\/td>\n<td width=\"714\"><em>West Point Grey classes start in West Point Grey Community Centre, 4397 West 2<sup>nd<\/sup> Avenue, Vancouver at 7:30 p.m.<\/em><\/td>\n<\/tr>\n<tr>\n<td width=\"91\"><em>Sep 11<\/em><\/td>\n<td width=\"714\"><em>Thursday Thistles classes start at the Scottish Cultural Centre, 8886 Hudson Street, Vancouver at 10:00 a.m.<\/em><\/td>\n<\/tr>\n<tr>\n<td width=\"91\"><em>Sep 12 &#8211; 14<\/em><\/td>\n<td width=\"714\"><em>Fort Worden Ruby Weekend \u2013 rscds-seattle.org \u2013 Do not miss out on this very popular dancing weekend.\u00a0\u00a0 Registrations due by May 31<\/em><\/td>\n<\/tr>\n<tr>\n<td width=\"91\"><em>Sep 15<\/em><\/td>\n<td width=\"714\"><em>Branch classes at the Scottish Cultural Centre, 8886 Hudson Street, Vancouver commence the 2014\/15 season \u2013 see <\/em><a href=\"https:\/\/www.rscdsvancouver.org\/\"><em>www.rscdsvancouver.org<\/em><\/a><\/td>\n<\/tr>\n<tr>\n<td width=\"91\"><em>Sep 16<\/em><\/td>\n<td width=\"714\"><em>Forth Langley classes start in Fort Langley Community Hall, 9167 Glover Road, Fort Langley<\/em><\/td>\n<\/tr>\n<tr>\n<td width=\"91\"><em>Sep 17 <\/em><\/td>\n<td width=\"714\"><em>Children\u2019s Class starts at Sullivan Hall, 64<sup>th<\/sup> &amp; 152<sup>nd<\/sup> In Surrey \u2013 Call Laurie 604-944-6678 or e-mail <\/em><a href=\"mailto:ljreel@telus.net\"><em>ljreel@telus.net<\/em><\/a><em> for information.<\/em><\/td>\n<\/tr>\n<tr>\n<td width=\"91\"><em>Sep 17<\/em><\/td>\n<td width=\"714\"><em>Wednesday Night Programme Class commences at the Scottish Cultural Centre \u2013 Drop in $6<\/em><\/td>\n<\/tr>\n<tr>\n<td width=\"91\"><em>Sep 18<\/em><\/td>\n<td width=\"714\"><em>Delta Borderers class starts at Tomsett School. 9671 Odlin Road, Richmond at 7:30 p.m.<\/em><\/td>\n<\/tr>\n<tr>\n<td width=\"91\"><em>Sep 19<\/em><\/td>\n<td width=\"714\"><em>Seniors\u2019 Class at West Vancouver Seniors\u2019 Centre, 21<sup>st<\/sup> &amp; Marine, West Vancouver starts at 10:35 a.m.<\/em><\/td>\n<\/tr>\n<tr>\n<td width=\"91\"><span style=\"background-color: #00ffff;\"><em>Sep 19<\/em><\/span><\/td>\n<td width=\"714\"><span style=\"background-color: #00ffff;\"><em>Vancouver Branch RSCDS Annual General Meeting in the Scottish Cultural Centre, 8886 Hudson Street, Vancouver <\/em><\/span><\/td>\n<\/tr>\n<tr>\n<td width=\"91\"><em>Sep 19<\/em><\/td>\n<td width=\"714\"><em>Carlos N\u00fa\u00f1ez is the undisputed master of Galicia\u2019s signature musical instrument, the gaita, or Galician bagpipes. From northern Spain\u2019s Celtic coast, N\u00fa\u00f1ez connects the musical tradition of his native Galicia with that of Ireland, Scotland, Brittany, and beyond. The Guardian UK quotes \u201cPipe music as if played by a Coltrane or a Hendrix.&#8221;<\/em><em>8:00pm\u00a0\u00a0 Location: Centennial Theatre North Vancouver<\/em><\/td>\n<\/tr>\n<tr>\n<td width=\"91\"><em>Sep 20<\/em><\/td>\n<td width=\"714\"><em>2014 TAC Island Workshop with Mary Murray as the Teacher.\u00a0\u00a0 New location is in the Bowen Centre, 5\u00a0 Bowen Road, Nanaimo.\u00a0\u00a0 Workshop at 10:30 a.m. &#8212;\u00a0 more details to follow.<\/em><\/td>\n<\/tr>\n<tr>\n<td width=\"91\"><em>Sep 22\/23<\/em><\/td>\n<td width=\"714\"><em>Deep Cove classes start at Maplewood School, 420 Seymour River Place, North Vancouver \u2013 Advanced on Mondays at 7:30 p.m. Beginner\/Intermediate on Tuesdays at 7:00 p.m.<\/em><\/td>\n<\/tr>\n<tr>\n<td width=\"91\"><span style=\"background-color: #00ff00;\"><em>Sep 26<\/em><\/span><\/td>\n<td width=\"714\"><span style=\"background-color: #00ff00;\"><em>Ceilidh Dance at the Scottish Cultural Centre, 8886 Hudson Street, Vancouver \u2013 no partner or experience required \u2013 live music with Calanais \u2013 refreshments available \u2013 class from 7 \u2013 8 p.m. followed by dance from 8 \u2013 11 p.m. \u2013 all dances walked, talked and called \u2013 admission at the door $10 (students $8)<\/em><\/span><\/td>\n<\/tr>\n<tr>\n<td width=\"91\"><em>Sep 27<\/em><\/td>\n<td width=\"714\"><em>North Vancouver Children\u2019s Classes commence at Mickey MacDougal Recreation Centre, 123 East 23rs Street, North Vancouver,\u00a0\u00a0 Call 604-922-4406 or e-mail <\/em><a href=\"mailto:delbrookdancers@yahoo.com\"><em>delbrookdancers@yahoo.com<\/em><\/a><em> for information<\/em><\/td>\n<\/tr>\n<tr>\n<td width=\"91\"><em>\u00a0<\/em><\/td>\n<td width=\"714\"><em>\u00a0<\/em><\/td>\n<\/tr>\n<\/tbody>\n<\/table>\n<p>&#8220;&#8220;&#8220;&#8220;&#8220;&#8220;&#8220;&#8220;&#8220;&#8220;&#8220;&#8220;&#8220;&#8220;&#8220;&#8220;&#8220;&#8220;&#8220;&#8220;&#8220;&#8220;&#8220;&#8220;&#8220;&#8220;&#8220;&#8220;&#8220;&#8220;&#8220;&#8220;&#8220;&#8220;&#8220;&#8220;` &#8220;\u00a0<i><b><i><\/i><\/b><\/i><\/p>\n<p><em>The\u00a0Washington Post&#8217;s Style Invitational also\u00a0asked readers to take any word from the dictionary, alter it by\u00a0<strong>adding, subtracting, or changing one\u00a0letter, and supply a new definition.<\/strong><\/em><\/p>\n<p><em>\u00a0<\/em><em>Here are a few of this year&#8217;s winners: <\/em><\/p>\n<p><em><em><em><em>Karmageddon (n): it\u2019s like, when everybody is sending off all these really bad vibes, right? And then, like, the Earth explodes and it&#8217;s like, a serious bummer. <\/em><\/em><\/em><\/em><\/p>\n<p><em><em><em><em> Decafalon (n.): The gruelling event of getting through the day consuming only things that are good for you.<br \/>\n<\/em><em><br \/>\n<\/em><\/em><\/em><\/em><\/p>\n<p><em>\u00a0<\/em>~~~~~~~~~~~~~~~~~~~~~~~~~~~~~~~~~~~~~~~~~~~~~~~~~~~~~~~~~~~~~~<\/p>\n<p style=\"text-align: center;\"><b><i><b><\/b><\/i><\/b>\u00a0<a href=\"https:\/\/www.vancouverceilidh.org\/wp-content\/uploads\/2014\/08\/Summer-Jura-from-Islay.jpg\"><img loading=\"lazy\" decoding=\"async\" class=\"aligncenter size-full wp-image-5315\" src=\"https:\/\/www.vancouverceilidh.org\/wp-content\/uploads\/2014\/08\/Summer-Jura-from-Islay.jpg\" alt=\"Summer - Jura from Islay\" width=\"716\" height=\"280\" \/><\/a><\/p>\n<p style=\"text-align: center;\"><span class=\"hiddenSpellError\">Jura from Islay<\/span><\/p>\n<p>= = = = = = = = = = = = = = = = = = = = = = = = = = = = = = = = = = = = = = = = = =<\/p>\n<p>Come Scottish Country Dancing &#8211; it is lots of fun. \u00a0Just ask anyone who came along to the Dancing in the Park. We had great audience participation so I hope you will all come along and join one of our great classes or at least come to one of the Ceilidh Dances.<\/p>\n<p>= = = = = = = = = = = = = = = = = = = = = = = = = = = = = = = = = = = = = = = = = = = =<\/p>\n<p style=\"text-align: center;\"><a href=\"https:\/\/www.vancouverceilidh.org\/wp-content\/uploads\/2014\/08\/Highland-dancer-2.gif\"><img loading=\"lazy\" decoding=\"async\" class=\"aligncenter size-full wp-image-5297\" src=\"https:\/\/www.vancouverceilidh.org\/wp-content\/uploads\/2014\/08\/Highland-dancer-2.gif\" alt=\"Highland dancer 2\" width=\"72\" height=\"64\" \/><\/a><\/p>\n<p><span style=\"background-color: #00ff00;\"><strong>The next Ceilidh Dance is not until Friday, September 26, 2014 with live music by <span class=\"hiddenSpellError\"><span class=\"hiddenSpellError\"><span class=\"hiddenSpellError\"><span class=\"hiddenSpellError\"><span class=\"hiddenSpellError\"><span class=\"hiddenSpellError\">Calanaish<\/span><\/span><\/span><\/span><\/span><\/span>.<\/strong> You still have time to<strong> spread the word<\/strong> about all the Ceilidh Dances as that is the best (and cheapest) form of advertising. It is great exercise and fun, for all ages, too.<\/span><\/p>\n<p><span style=\"background-color: #00ff00;\"><strong>Here is a link where you can watch a short video of a Ceilidh Dance: <\/strong><a href=\"https:\/\/www.youtube.com\/watch?v=0MvUwZnY9Ms\" target=\"_blank\"><span style=\"background-color: #00ff00;\">https:\/\/www.youtube.com\/watch?v=0MvUwZnY9Ms<\/span><\/a> and here is a link to the Facebook advert: <a href=\"https:\/\/www.facebook.com\/events\/597360563665264\/597360566998597\/\"><span style=\"background-color: #00ff00;\">https:\/\/www.facebook.com\/events\/597360563665264\/597360566998597\/<\/span><\/a> The format for all of the regular monthly Ceilidh Dances will be the same with the class from 7 \u2013 8 p.m. and the dance from 8 \u2013 11 p.m. and all dances will be walked and talked through.<\/span><\/p>\n<p><span style=\"background-color: #00ff00;\">They are all held at the Scottish <span class=\"hiddenSpellError\">Cultural<\/span> Centre, 8886 Hudson Street, Vancouver. \u00a0The price is only &#8211; $10 or $8 for students which, for what you get is a super bargain \u2013 everyone is welcome. No partner is required and you should wear FLAT, comfy shoes and loose clothing. Children are also welcome but should be prepared to dance with other people as some of the dances require a change of partner. Don\u2019t forget to bring a few extra $$$$ to help defray the cost of the refreshments which are otherwise free.<\/span><\/p>\n<p><a href=\"https:\/\/www.vancouverceilidh.org\/wp-content\/uploads\/2013\/11\/Fall-Sunrise-over-Carrbridge.jpg\">++++++++++++++++++++++++++++++++++++++++++++++++<\/a><\/p>\n<p>For those who enjoy listening to Scottish music, song, banter etc. try <a href=\"https:\/\/www.andysceilidh.co.uk\/\">www.andysceilidh.co.uk\/<\/a> this is a radio programme that you can get sent to you and listen any time you want. Andy is asking everyone to send in their requests so if you have a favourite Scottish tune, song, recitation, band, performer, choir or whatever send an e-mail to <a>andyrossbw@aol.com<\/a><\/p>\n<p><span class=\"hiddenSpellError\"><span class=\"hiddenSpellError\"><span class=\"hiddenSpellError\"><span class=\"hiddenSpellError\"><span class=\"hiddenSpellError\"><span class=\"hiddenSpellError\">\u00c6\u00c6\u00c6\u00c6\u00c6\u00c6\u00c6\u00c6\u00c6\u00c6\u00c6\u00c6\u00c6\u00c6\u00c6\u00c6\u00c6\u00c6\u00c6\u00c6\u00c6\u00c6\u00c6\u00c6\u00c6\u00c6\u00c6\u00c6\u00c6\u00c6<\/span><\/span><\/span><\/span><\/span><\/span> <span class=\"hiddenGrammarError\"><span class=\"hiddenGrammarError\"><span class=\"hiddenGrammarError\"><span class=\"hiddenGrammarError\"><span class=\"hiddenGrammarError\"><span class=\"hiddenGrammarError\">AE AE<\/span><\/span><\/span><\/span><\/span><\/span> <span class=\"hiddenGrammarError\"><span class=\"hiddenGrammarError\"><span class=\"hiddenGrammarError\"><span class=\"hiddenGrammarError\"><span class=\"hiddenGrammarError\"><span class=\"hiddenGrammarError\">AE AE<\/span><\/span><\/span><\/span><\/span><\/span> <span class=\"hiddenGrammarError\"><span class=\"hiddenGrammarError\"><span class=\"hiddenGrammarError\"><span class=\"hiddenGrammarError\"><span class=\"hiddenGrammarError\"><span class=\"hiddenGrammarError\">AE AE<\/span><\/span><\/span><\/span><\/span><\/span><\/p>\n<p>The Branch has opened a Facebook Page at &#8220;<span class=\"hiddenSpellError\"><span class=\"hiddenSpellError\"><span class=\"hiddenSpellError\"><span class=\"hiddenSpellError\"><span class=\"hiddenSpellError\"><span class=\"hiddenSpellError\">RSCDS-Vancouver<\/span><\/span><\/span><\/span><\/span><\/span>&#8221; &#8211; check it out there are some good pictures etc. <a href=\"https:\/\/www.facebook.com\/rscdsvancouver\">www.facebook.com\/rscdsvancouver.<\/a> There is a link on both our website <a href=\"..\/\">www.vancouverceilidh.org<\/a> and the Branch website <a href=\"https:\/\/www.rscdsvancouver.org\/\">www.rscdsvancouver.org<\/a><\/p>\n<p><strong>This is a really good time to come along and join in one of many Scottish Country Dance (SCD) classes as you will be starting at the same time as other &#8220;beginners.&#8221;\u00a0\u00a0\u00a0<\/strong> You will be made very welcome. Many classes have a policy that the first night is FREE! Plan to come along to try out a class next week. There are classes all around and on different nights so GIVE IT A GO! Go to either <a href=\"https:\/\/www.rscdsvancouver.org\">www.rscdsvancouver.org<\/a> or <a href=\"https:\/\/www.vancouverceilidh.org\">www,vancouverceilidh.org<\/a> for a list of class locations and times.<\/p>\n<p style=\"text-align: center;\"><a href=\"https:\/\/www.vancouverceilidh.org\/wp-content\/uploads\/2014\/08\/madstomp.gif\"><img loading=\"lazy\" decoding=\"async\" class=\"aligncenter size-full wp-image-5300\" src=\"https:\/\/www.vancouverceilidh.org\/wp-content\/uploads\/2014\/08\/madstomp.gif\" alt=\"madstomp\" width=\"77\" height=\"106\" \/><\/a><\/p>\n<p>For those who don\u2019t know SCD is a fabulous pastime which is super exercise for body and mind. SCD is, naturally, rooted in Scotland but there are groups in almost every country so you can learn here and then dance with other groups when you vacation or travel. SCD is not to be confused with Highland Dancing which is more solo dancing. SCD is usually done with a partner in groups or sets however you do not need to come with a partner. It is more akin to Square Dancing.<\/p>\n<p>It takes a year or two of classes, workshops, etc. to learn the basics then you can hone your skills in advanced classes. You start by learning the steps and formations. Dances (of which there are over 13,000) are made up of these formations so a good grounding will give you the ability to learn a new dance fairly quickly. SCD has its HQ in Scotland and is known as the Royal Scottish Country Dance Society (RSCDS) and there is a Vancouver Branch of the RSCDS under which there are many clubs throughout the Province (there is also a Branch in Seattle).<\/p>\n<p style=\"text-align: center;\"><a href=\"https:\/\/www.vancouverceilidh.org\/wp-content\/uploads\/2014\/08\/mousemad.gif\"><img loading=\"lazy\" decoding=\"async\" class=\"aligncenter size-full wp-image-5302\" src=\"https:\/\/www.vancouverceilidh.org\/wp-content\/uploads\/2014\/08\/mousemad.gif\" alt=\"mousemad\" width=\"176\" height=\"209\" \/><\/a><\/p>\n<p>There are a great many classes and the ones in the Vancouver area are listed below. Come along \u2013 check us out \u2013 the first night is usually free and thereafter it will average about $6 a night and that\u2019s for a 2 hour class! You will find many friendly people who will be eager to help you and welcome you to their club. You never know you actually might like it!! Check the list of classes at either at <a href=\"..\/\">www.vancouverceilidh.org<\/a> or <a href=\"https:\/\/www.rscdsvancouver.org\/\">www.rscdsvancouver.org<\/a>.<\/p>\n<p>Note that the latter website has the latest updates to temporary changes to times and locations<\/p>\n<p><strong><em>as well there are classes all up and down Vancouver Island, a number of the Gulf Islands, the <span class=\"hiddenSpellError\"><span class=\"hiddenSpellError\"><span class=\"hiddenSpellError\"><span class=\"hiddenSpellError\"><span class=\"hiddenSpellError\"><span class=\"hiddenSpellError\">Cariboo<\/span><\/span><\/span><\/span><\/span><\/span>, <span class=\"hiddenSpellError\"><span class=\"hiddenSpellError\"><span class=\"hiddenSpellError\"><span class=\"hiddenSpellError\"><span class=\"hiddenSpellError\"><span class=\"hiddenSpellError\">Okanagan<\/span><\/span><\/span><\/span><\/span><\/span>, <span class=\"hiddenGrammarError\"><span class=\"hiddenGrammarError\"><span class=\"hiddenGrammarError\"><span class=\"hiddenGrammarError\"><span class=\"hiddenGrammarError\"><span class=\"hiddenGrammarError\">etc. etc<\/span><\/span><\/span><\/span><\/span><\/span>. and there are various groups all over this great Province, Country, World and who knows where else! Check the Branch website for all these details &#8211; <\/em><\/strong><a href=\"https:\/\/www.rscdsvancouver.org\"><strong><em>www.rscdsvancouver.org<\/em><\/strong><\/a><\/p>\n<p>!!!!!!!!!!!!!!!!!!!!!!!!!!!!!!!!!!!!!!!!!!!!!!!!!!!!!!!!!!!!!!!!!!!!!!!!!!!!!!!!!!!!!!!!!!!!!!!!!!!!!!!!!!!!!!!!!!<\/p>\n<p><em>PUNOGRAPHY:<\/em><\/p>\n<p><em>When you get a bladder infection, urine trouble.<\/em><\/p>\n<p><strong>===========================================================<\/strong><\/p>\n<p><strong>For upcoming events see www.vancouverceilidh.org and www.rscdsvancouver.org. <\/strong><\/p>\n<p><em>Other announcements etc: <\/em> <strong>Seattle Branch &#8211; info at <a href=\"https:\/\/www.rscds-seattle.org\/\">www.rscds-seattle.org<\/a><\/strong><\/p>\n<p>~~~~~~~~~~~~~~~~~~~~~~~~~~~~~~~~~~~~~~~~~~~~~~~~~~~~~~~~~~~~~~<\/p>\n<p><span style=\"background-color: #00ff00;\">The next <strong>regular<\/strong> monthly <strong>Ceilidh Dance<\/strong><strong> will be held on Friday, September 26, 2014 <\/strong>in the Scottish Cultural Centre, 8886 Hudson Street, (73<sup>rd<\/sup> &amp; Hudson which is between Oak &amp; Granville), Vancouver, We need everyone to help us get as many new comers (as well as former Ceilidh Dancers) as possible to come and join us. The Ceilidh Dances are a great way to celebrate birthdays, anniversaries, etc. Invite all your friends along. Contact me if you will have a group of 12 or more and we can give them a discount!!!<\/span><\/p>\n<p style=\"text-align: center;\"><a href=\"https:\/\/www.vancouverceilidh.org\/wp-content\/uploads\/2014\/08\/image001.gif\"><img loading=\"lazy\" decoding=\"async\" class=\"aligncenter size-full wp-image-5298\" src=\"https:\/\/www.vancouverceilidh.org\/wp-content\/uploads\/2014\/08\/image001.gif\" alt=\"image001\" width=\"1600\" height=\"5\" \/><\/a><\/p>\n<p><strong>W<\/strong><strong>e Really NEED YOUR HELP to advertise the Ceilidh Dances!!!!<\/strong> It only costs $10 ($8 for students) &#8211; it is worth so much more in fun, exercise and camaraderie. Use any access to free adverts etc. You can also use things like the YouTube link <a href=\"https:\/\/www.youtube.com\/watch?v=Bh2HV3OPBgw\">https:\/\/www.youtube.com\/watch?v=Bh2HV3OPBgw<\/a> or the Face-book page <a href=\"https:\/\/www.facebook.com\/p.php?i=116203315&amp;k=Z5C5Y4TZPT6G6BD1PKZZTWQQQ6BAW26L34AV&amp;oid=164741310207760\">https:\/\/www.facebook.com\/p.php?i=116203315&amp;k=Z5C5Y4TZPT6G6BD1PKZZTWQQQ6BAW26L34AV&amp;oid=164741310207760<\/a> <a href=\"https:\/\/www.facebook.com\/events\/597360563665264\/597360566998597\/\">https:\/\/www.facebook.com\/events\/597360563665264\/597360566998597\/<\/a> Suggestions to improve our advertising are always welcome. Don&#8217;t forget to tell them about the website <a href=\"..\/\">www.vancouverceilidh.org<\/a> and get them to &#8220;subscribe&#8221; to the newsletter.<\/p>\n<p style=\"text-align: center;\"><a href=\"https:\/\/www.vancouverceilidh.org\/wp-content\/uploads\/2014\/08\/flowerpotbloom.gif\"><img loading=\"lazy\" decoding=\"async\" class=\"aligncenter size-full wp-image-5258\" src=\"https:\/\/www.vancouverceilidh.org\/wp-content\/uploads\/2014\/08\/flowerpotbloom.gif\" alt=\"flowerpotbloom\" width=\"60\" height=\"115\" \/><\/a><\/p>\n<p><span style=\"background-color: #00ff00;\">Most of you have been to at least one Ceilidh Dance so you know how it goes. You don\u2019t need a partner; you don\u2019t need any experience; you should wear FLAT soft soled shoes; we walk, talk, and call every dance and you should come to have fun and have a good evening of exercise and entertainment and maybe even to learn! There is a FREE class from 7 \u2013 8 p.m. and the dance from 8 \u2013 11 p.m. with music by Calanais. Remember to bring some extra cash so you can make a donation towards the cost of the refreshments. Without these donations we will have to increase the price of admission again!!<\/span><\/p>\n<p><strong>The schedule for the 2013\/14 season shapes up as follows:<\/strong> All on Fridays of course &#8212;<\/p>\n<p style=\"text-align: center;\">2014<br \/>\nSeptember 26<br \/>\nOctober 24<br \/>\nNovember 28<br \/>\n2015<br \/>\nJanuary 9<br \/>\nFebruary 6<br \/>\nFebruary 27<br \/>\nMarch 27<br \/>\nApril 24<\/p>\n<p>Come along and get some great exercise while also having lots of fun. We hope to have lots of new Ceilidh dancers and I might even try out one or two &#8220;new&#8221; dances.\u00a0\u00a0 Remember to bring your smiles and wear flat shoes.\u00a0\u00a0\u00a0 <strong>Please<\/strong><strong> do your best to assist us in letting as many people know as possible.<\/strong> Use Face-book, e-mail, telephone or even word of mouth and tell everyone you know what a fun night it is.<\/p>\n<p style=\"text-align: center;\"><a href=\"https:\/\/www.vancouverceilidh.org\/wp-content\/uploads\/2014\/08\/Summer-Lingay.jpg\"><img loading=\"lazy\" decoding=\"async\" class=\"aligncenter size-full wp-image-5316\" src=\"https:\/\/www.vancouverceilidh.org\/wp-content\/uploads\/2014\/08\/Summer-Lingay.jpg\" alt=\"Summer - Lingay\" width=\"886\" height=\"222\" \/><\/a><\/p>\n<p style=\"text-align: center;\">Lingay<\/p>\n<p>We need to attract students from Universities and all colleges. Somehow we have to get word out to these students. Please do all you can to help us. Come one, come all to the same place (Scottish Cultural Centre, 8886 Hudson Street, Vancouver) and the same time (7 p.m. for the class and 8 &#8211; 11 p.m. for the dance) and the same amazing price ($10 or $8 for students.) You should check the website &#8211; <strong><a href=\"..\/\">www.vancouverceilidh.org<\/a><\/strong> &#8211; from time to time as you can find various pages listing &#8220;Ceilidhs and Events;&#8221; Classes:&#8221; Duncan&#8217;s List;&#8221; etc. On these pages you can check all the upcoming events, where all the classes are located, times, etc. and some places to find Scottish things or some local trades, etc. I will continue to highlight the more current events in each week&#8217;s newsletter but, as stated, the calendar of all events will be available on the website.<\/p>\n<p>You should also have a look at the Vancouver Branch website from time to time &#8211; <a href=\"https:\/\/www.rscdsvancouver.org\/\">www.rscdsvancouver.org<\/a> &#8211; as there is always useful information on it and it is a very good-looking site.<\/p>\n<p>If you have any questions regarding the Ceilidh Dances send them to me at <a href=\"mailto:ceilidh@rscdsvancouver.org\">ceilidh@rscdsvancouver.org<\/a><\/p>\n<p>Please check the website &#8211; <a href=\"https:\/\/www.rscdsvancouver.org\/\">www.rscdsvancouver.org<\/a> for updates, pictures and news. Dance \u2013 it is good for your health.<\/p>\n<p style=\"text-align: center;\">\u00a0<a href=\"https:\/\/www.vancouverceilidh.org\/wp-content\/uploads\/2014\/08\/Summer-Braemar.jpg\"><img loading=\"lazy\" decoding=\"async\" class=\"aligncenter  wp-image-5317\" src=\"https:\/\/www.vancouverceilidh.org\/wp-content\/uploads\/2014\/08\/Summer-Braemar.jpg\" alt=\"Summer - Braemar\" width=\"640\" height=\"498\" \/><\/a>\u00a0<span class=\"hiddenSpellError\">Braemar<\/span><\/p>\n<p><strong>Keep sending jokes, pictures and info you wish to have included. Don&#8217;t forget to look at our web pages at <a href=\"..\/\">www.vancouverceilidh.org<\/a><\/strong>\u00a0\u00a0\u00a0 <em>If you know of anyone who would like to be on the mailing list please send them the web address &#8211; <a href=\"..\/\">www.vancouverceilidh.org<\/a> and ask them to subscribe. <\/em><\/p>\n<p><strong><em>If anyone has good pictures from the Ceilidh Dances please send them to me so I can put them on the web page.<\/em><\/strong><\/p>\n<p><em>I<\/em>f you have any announcements please send them to me preferably in Word; Times New Roman <span class=\"hiddenSpellError\"><span class=\"hiddenSpellError\"><span class=\"hiddenSpellError\"><span class=\"hiddenSpellError\"><span class=\"hiddenSpellError\"><span class=\"hiddenSpellError\">12pt<\/span><\/span><\/span><\/span><\/span><\/span> format with a layout similar to the one used in this newsletter. I occasionally hear of an event somewhere in our beautiful Province, on the Island or in the Interior, but don&#8217;t know all the details. This newsletter reaches out to some<strong> 393 <\/strong>subscribers from all over the Province, Country and to many other countries as well, so please send me the details of your event and I will only be too happy to include them.<\/p>\n<p>====================================================<\/p>\n<p><strong>SMART ARSE ANSWER\u00a0<\/strong><\/p>\n<p>It was mealtime during a flight on a British Airways plane:\u00a0\u00a0 &#8220;Would you like dinner?&#8221; the flight attendant asked the man seated in the front row.\u00a0 &#8220;What are my choices?&#8221; the man asked.\u00a0\u00a0 &#8220;Yes or no,&#8221; she replied.<\/p>\n<p><em>\u00a0<\/em><\/p>\n<p>===========================================================<\/p>\n<p>Enjoy yourselves &#8211; come Scottish Country Dancing &#8211; for it is good for your health and you never know you just might &#8230;..! See Coming Events on the website for info &#8211; <a href=\"https:\/\/www.vancouverceilidh.org\">www.vancouverceilidh.org<\/a><\/p>\n<p style=\"text-align: center;\"><a href=\"https:\/\/www.vancouverceilidh.org\/wp-content\/uploads\/2014\/08\/Summer-Drumlanrig-Castle-gardens.jpg\"><img loading=\"lazy\" decoding=\"async\" class=\"aligncenter size-full wp-image-5318\" src=\"https:\/\/www.vancouverceilidh.org\/wp-content\/uploads\/2014\/08\/Summer-Drumlanrig-Castle-gardens.jpg\" alt=\"Summer - Drumlanrig Castle gardens\" width=\"1000\" height=\"607\" \/><\/a><\/p>\n<p style=\"text-align: center;\"><span class=\"hiddenSpellError\"><span class=\"hiddenSpellError\">Drumlanrig Castle Gardens<\/span><\/span><\/p>\n<p><strong>May your troubles be one, may your blessings be more, and <\/strong><strong>may nothing but happiness come through your door.<\/strong><\/p>\n<p><strong><span class=\"hiddenSpellError\"><span class=\"hiddenSpellError\"><span class=\"hiddenSpellError\"><span class=\"hiddenSpellError\"><span class=\"hiddenSpellError\"><span class=\"hiddenSpellError\">DUNCAN<\/span><\/span> <\/span><\/span><\/span><\/span>\u00a0<\/strong> <a href=\"mailto:ceilidh@rscdsvancouver.org\"><strong>ceilidh@rscdsvancouver.org<\/strong><\/a><\/p>\n","protected":false},"excerpt":{"rendered":"<p>&nbsp; \u00a0 Aftermath of Hurricane Bertha at Kingussie Well our little club came together and their hard work was rewarded with a great evening of dance, great music, good company and great food.\u00a0\u00a0 I think, though I may be a wee bit prejudiced, that I can say the 4th Annual Fall Frolic was a success.\u00a0\u00a0 [&hellip;]<\/p>\n","protected":false},"author":1,"featured_media":0,"parent":0,"menu_order":0,"comment_status":"closed","ping_status":"closed","template":"","meta":{"footnotes":""},"class_list":["post-5320","page","type-page","status-publish","hentry"],"_links":{"self":[{"href":"https:\/\/www.vancouverceilidh.org\/index.php?rest_route=\/wp\/v2\/pages\/5320","targetHints":{"allow":["GET"]}}],"collection":[{"href":"https:\/\/www.vancouverceilidh.org\/index.php?rest_route=\/wp\/v2\/pages"}],"about":[{"href":"https:\/\/www.vancouverceilidh.org\/index.php?rest_route=\/wp\/v2\/types\/page"}],"author":[{"embeddable":true,"href":"https:\/\/www.vancouverceilidh.org\/index.php?rest_route=\/wp\/v2\/users\/1"}],"replies":[{"embeddable":true,"href":"https:\/\/www.vancouverceilidh.org\/index.php?rest_route=%2Fwp%2Fv2%2Fcomments&post=5320"}],"version-history":[{"count":12,"href":"https:\/\/www.vancouverceilidh.org\/index.php?rest_route=\/wp\/v2\/pages\/5320\/revisions"}],"predecessor-version":[{"id":5337,"href":"https:\/\/www.vancouverceilidh.org\/index.php?rest_route=\/wp\/v2\/pages\/5320\/revisions\/5337"}],"wp:attachment":[{"href":"https:\/\/www.vancouverceilidh.org\/index.php?rest_route=%2Fwp%2Fv2%2Fmedia&parent=5320"}],"curies":[{"name":"wp","href":"https:\/\/api.w.org\/{rel}","templated":true}]}}